{"id":360,"date":"2020-08-17T12:12:44","date_gmt":"2020-08-17T12:12:44","guid":{"rendered":"http:\/\/amulesgriots.com\/journal\/"},"modified":"2021-04-03T18:53:37","modified_gmt":"2021-04-03T18:53:37","slug":"journal","status":"publish","type":"page","link":"https:\/\/amulesgriots.com\/fr\/journal\/","title":{"rendered":"Blog"},"content":{"rendered":"\t\t<div data-elementor-type=\"wp-page\" data-elementor-id=\"360\" class=\"elementor elementor-360 elementor-355\" data-elementor-post-type=\"page\">\n\t\t\t\t\t\t<section class=\"elementor-section elementor-top-section elementor-element elementor-element-8555a14 elementor-section-height-full elementor-section-boxed elementor-section-height-default elementor-section-items-middle\" data-id=\"8555a14\" data-element_type=\"section\" data-e-type=\"section\" data-settings=\"{&quot;background_background&quot;:&quot;classic&quot;}\">\n\t\t\t\t\t\t<div class=\"elementor-container elementor-column-gap-default\">\n\t\t\t\t\t<div class=\"elementor-column elementor-col-100 elementor-top-column elementor-element elementor-element-4cb5fdf\" data-id=\"4cb5fdf\" data-element_type=\"column\" data-e-type=\"column\">\n\t\t\t<div class=\"elementor-widget-wrap elementor-element-populated\">\n\t\t\t\t\t\t<div class=\"elementor-element elementor-element-7c3f2d6 elementor-widget elementor-widget-heading\" data-id=\"7c3f2d6\" data-element_type=\"widget\" data-e-type=\"widget\" data-widget_type=\"heading.default\">\n\t\t\t\t<div class=\"elementor-widget-container\">\n\t\t\t\t\t<h2 class=\"elementor-heading-title elementor-size-default\">Blog<\/h2>\t\t\t\t<\/div>\n\t\t\t\t<\/div>\n\t\t\t\t<div class=\"elementor-element elementor-element-edd2ccc elementor-widget elementor-widget-heading\" data-id=\"edd2ccc\" data-element_type=\"widget\" data-e-type=\"widget\" data-widget_type=\"heading.default\">\n\t\t\t\t<div class=\"elementor-widget-container\">\n\t\t\t\t\t<h2 class=\"elementor-heading-title elementor-size-default\">Histoires et actualit\u00e9s de nos projets<\/h2>\t\t\t\t<\/div>\n\t\t\t\t<\/div>\n\t\t\t\t<div class=\"elementor-element elementor-element-3a57f39 elementor-view-default elementor-widget elementor-widget-icon\" data-id=\"3a57f39\" data-element_type=\"widget\" data-e-type=\"widget\" data-widget_type=\"icon.default\">\n\t\t\t\t<div class=\"elementor-widget-container\">\n\t\t\t\t\t\t\t<div class=\"elementor-icon-wrapper\">\n\t\t\t<a class=\"elementor-icon\" href=\"#start\">\n\t\t\t<i aria-hidden=\"true\" class=\"fas fa-chevron-down\"><\/i>\t\t\t<\/a>\n\t\t<\/div>\n\t\t\t\t\t\t<\/div>\n\t\t\t\t<\/div>\n\t\t\t\t\t<\/div>\n\t\t<\/div>\n\t\t\t\t\t<\/div>\n\t\t<\/section>\n\t\t\t\t<section class=\"elementor-section elementor-top-section elementor-element elementor-element-62d3778 elementor-section-boxed elementor-section-height-default elementor-section-height-default\" data-id=\"62d3778\" data-element_type=\"section\" data-e-type=\"section\">\n\t\t\t\t\t\t<div class=\"elementor-container elementor-column-gap-default\">\n\t\t\t\t\t<div class=\"elementor-column elementor-col-100 elementor-top-column elementor-element elementor-element-e5e860c\" data-id=\"e5e860c\" data-element_type=\"column\" data-e-type=\"column\">\n\t\t\t<div class=\"elementor-widget-wrap elementor-element-populated\">\n\t\t\t\t\t\t<div class=\"elementor-element elementor-element-3899ef7 elementor-widget elementor-widget-menu-anchor\" data-id=\"3899ef7\" data-element_type=\"widget\" data-e-type=\"widget\" data-widget_type=\"menu-anchor.default\">\n\t\t\t\t<div class=\"elementor-widget-container\">\n\t\t\t\t\t\t\t<div class=\"elementor-menu-anchor\" id=\"start\"><\/div>\n\t\t\t\t\t\t<\/div>\n\t\t\t\t<\/div>\n\t\t\t\t<div class=\"elementor-element elementor-element-5183351 elementor-widget elementor-widget-heading\" data-id=\"5183351\" data-element_type=\"widget\" data-e-type=\"widget\" data-widget_type=\"heading.default\">\n\t\t\t\t<div class=\"elementor-widget-container\">\n\t\t\t\t\t<h2 class=\"elementor-heading-title elementor-size-default\">Photos de Roger Vantilt\n<\/h2>\t\t\t\t<\/div>\n\t\t\t\t<\/div>\n\t\t\t\t\t<\/div>\n\t\t<\/div>\n\t\t\t\t\t<\/div>\n\t\t<\/section>\n\t\t\t\t<section class=\"elementor-section elementor-top-section elementor-element elementor-element-7feac688 elementor-section-full_width elementor-section-height-default elementor-section-height-default\" data-id=\"7feac688\" data-element_type=\"section\" data-e-type=\"section\" data-settings=\"{&quot;background_background&quot;:&quot;classic&quot;}\">\n\t\t\t\t\t\t<div class=\"elementor-container elementor-column-gap-default\">\n\t\t\t\t\t<div class=\"elementor-column elementor-col-100 elementor-top-column elementor-element elementor-element-52ccd01f\" data-id=\"52ccd01f\" data-element_type=\"column\" data-e-type=\"column\">\n\t\t\t<div class=\"elementor-widget-wrap elementor-element-populated\">\n\t\t\t\t\t\t<div class=\"elementor-element elementor-element-47da1591 ee-posts-helpers-on ee-grid-columns-tablet-3 ee-grid-columns-3 ee-grid-columns-mobile-1 ee-posts-align-top ee-posts-avatar-position-left elementor-widget elementor-widget-posts-extra\" data-id=\"47da1591\" data-element_type=\"widget\" data-e-type=\"widget\" data-settings=\"{&quot;classic_grid_columns_spacing&quot;:{&quot;unit&quot;:&quot;px&quot;,&quot;size&quot;:30,&quot;sizes&quot;:[]},&quot;classic_infinite_scroll_button&quot;:&quot;yes&quot;,&quot;columns_tablet&quot;:&quot;3&quot;,&quot;classic_grid_columns_spacing_tablet&quot;:{&quot;unit&quot;:&quot;px&quot;,&quot;size&quot;:20,&quot;sizes&quot;:[]},&quot;classic_infinite_scroll&quot;:&quot;yes&quot;,&quot;classic_layout&quot;:&quot;masonry&quot;,&quot;columns&quot;:&quot;3&quot;,&quot;columns_mobile&quot;:&quot;1&quot;,&quot;classic_grid_columns_spacing_mobile&quot;:{&quot;unit&quot;:&quot;px&quot;,&quot;size&quot;:0,&quot;sizes&quot;:[]}}\" data-widget_type=\"posts-extra.classic\">\n\t\t\t\t<div class=\"elementor-widget-container\">\n\t\t\t\t\t<div class=\"ee-grid ee-loop ee-grid--masonry\"><div class=\"ee-grid__item--sizer\"><\/div><div class=\"ee-grid__item ee-loop__item\"><article class=\"ee-post post-607 post type-post status-publish format-standard has-post-thumbnail hentry category-culture-fr\"><a class=\"ee-media ee-post__media ee-post__media--content\" href=\"https:\/\/amulesgriots.com\/fr\/ombretta-moschella-a-raconte-son-experience-au-burkina-et-au-mali-ainsi-que-de-ses-differents-projets-en-cours-dans-lemission-vision-libre-a-radio-campus\/\"><div class=\"ee-post__media__thumbnail ee-media__thumbnail\"><img fetchpriority=\"high\" decoding=\"async\" width=\"722\" height=\"1263\" src=\"https:\/\/amulesgriots.com\/wp-content\/uploads\/2021\/02\/emission-Vision-libre-du-09_02_2021.png\" class=\"attachment-medium size-medium wp-image-608\" alt=\"\" srcset=\"https:\/\/amulesgriots.com\/wp-content\/uploads\/2021\/02\/emission-Vision-libre-du-09_02_2021.png 722w, https:\/\/amulesgriots.com\/wp-content\/uploads\/2021\/02\/emission-Vision-libre-du-09_02_2021-500x875.png 500w\" sizes=\"(max-width: 722px) 100vw, 722px\" \/><\/div><div class=\"ee-post__media__overlay ee-media__overlay\"><\/div><div class=\"ee-media__content ee-post__media__content ee-post__area\">\t\t<ul class=\"ee-post__terms\">\n\n\t\t\t\n\t\t\t\n\t\t\t\t<li class=\"ee-post__terms__term ee-term ee-term--culture-fr\">\n\t\t\t\t\t<span class=\"ee-post__terms__link ee-term__link\">\n\t\t\t\t\t\tCulture\t\t\t\t\t<\/span>\t\t\t\t<\/li>\n\n\t\t\t\t\t<\/ul>\n\t\t<\/div><!-- .ee-post__media__content --><\/a><!-- .ee-post__media --><div class=\"ee-post__body ee-post__area\"><a href=\"https:\/\/amulesgriots.com\/fr\/ombretta-moschella-a-raconte-son-experience-au-burkina-et-au-mali-ainsi-que-de-ses-differents-projets-en-cours-dans-lemission-vision-libre-a-radio-campus\/\" class=\"ee-post__title\">\n\t\t\t<h2 class=\"ee-post__title__heading\">Ombretta Moschella a racont\u00e9 son exp\u00e9rience au Burkina et au Mali ainsi que de ses diff\u00e9rents projets en cours dans l&rsquo;\u00e9mission Vision Libre \u00e0 Radio Campus<\/h2>\n\t\t<\/a><div class=\"ee-post__excerpt\">Ecoutez l&rsquo;interview ou Ombretta Moschella raconte son d\u00e9rnier voyage au Burkina Faso et Mali (janvier 2021), ainsi que de ses diff\u00e9rents projets en cours. https:\/\/fb.watch\/3XIOPWEQBp\/&hellip;<\/div><\/div><!-- .ee-post__body --><div class=\"ee-post__footer ee-post__area\"><div class=\"ee-post__metas ee-post__metas--has-avatar ee-post__metas--has-metas\"><div class=\"ee-post__metas__avatar ee-post__meta--avatar\">\n\t\t\t\t\t\t\t<a href=\"https:\/\/amulesgriots.com\/fr\/author\/ombretta\/\">\n\t\t\t\t\t\t\t<img alt='Ombretta Moschella' src='https:\/\/secure.gravatar.com\/avatar\/643995288a40fb70f60cdba714ffc8a254b2b5de424daa5c3d3de7bd7c749aae?s=64&#038;d=mm&#038;r=g' srcset='https:\/\/secure.gravatar.com\/avatar\/643995288a40fb70f60cdba714ffc8a254b2b5de424daa5c3d3de7bd7c749aae?s=128&#038;d=mm&#038;r=g 2x' class='avatar avatar-64 photo ee-post__metas__avatar__image' height='64' width='64' \/>\t\t\t<\/a>\t\t<\/div><ul class=\"ee-post__metas__list display--\"><li class=\"ee-post__meta ee-post__meta--author\">\n\t\t\t\t\t\t\t<a href=\"https:\/\/amulesgriots.com\/fr\/author\/ombretta\/\">\n\t\t\t\t\t\t\t Ombretta Moschella<span class=\"ee-post__meta__separator\">\u00b7<\/span>\t\t\t<\/a>\t\t<\/li>\n\t\t<li class=\"ee-post__meta ee-post__meta--date ee-post__metas__date\"> 28\/02\/2021<span class=\"ee-post__meta__separator\">\u00b7<\/span><\/li><\/ul><\/div><\/div><!-- .ee-post__footer --><\/article><!-- .ee-post --><\/div><!-- .ee-loop__item --><div class=\"ee-grid__item ee-loop__item\"><article class=\"ee-post post-413 post type-post status-publish format-standard has-post-thumbnail hentry category-culture-fr\"><a class=\"ee-media ee-post__media ee-post__media--content\" href=\"https:\/\/amulesgriots.com\/fr\/entretien-avec-notre-presidente-ombretta-moschella-sur-la-relation-entre-le-geste-et-la-musique-dans-la-danse-africaine\/\"><div class=\"ee-post__media__thumbnail ee-media__thumbnail\"><img decoding=\"async\" width=\"1000\" height=\"465\" src=\"https:\/\/amulesgriots.com\/wp-content\/uploads\/2020\/08\/1-1000x465.png\" class=\"attachment-medium size-medium wp-image-214\" alt=\"\" srcset=\"https:\/\/amulesgriots.com\/wp-content\/uploads\/2020\/08\/1-1000x465.png 1000w, https:\/\/amulesgriots.com\/wp-content\/uploads\/2020\/08\/1-1500x697.png 1500w, https:\/\/amulesgriots.com\/wp-content\/uploads\/2020\/08\/1-500x232.png 500w, https:\/\/amulesgriots.com\/wp-content\/uploads\/2020\/08\/1-768x357.png 768w, https:\/\/amulesgriots.com\/wp-content\/uploads\/2020\/08\/1-1536x714.png 1536w, https:\/\/amulesgriots.com\/wp-content\/uploads\/2020\/08\/1.png 1661w\" sizes=\"(max-width: 1000px) 100vw, 1000px\" \/><\/div><div class=\"ee-post__media__overlay ee-media__overlay\"><\/div><div class=\"ee-media__content ee-post__media__content ee-post__area\">\t\t<ul class=\"ee-post__terms\">\n\n\t\t\t\n\t\t\t\n\t\t\t\t<li class=\"ee-post__terms__term ee-term ee-term--culture-fr\">\n\t\t\t\t\t<span class=\"ee-post__terms__link ee-term__link\">\n\t\t\t\t\t\tCulture\t\t\t\t\t<\/span>\t\t\t\t<\/li>\n\n\t\t\t\t\t<\/ul>\n\t\t<\/div><!-- .ee-post__media__content --><\/a><!-- .ee-post__media --><div class=\"ee-post__body ee-post__area\"><a href=\"https:\/\/amulesgriots.com\/fr\/entretien-avec-notre-presidente-ombretta-moschella-sur-la-relation-entre-le-geste-et-la-musique-dans-la-danse-africaine\/\" class=\"ee-post__title\">\n\t\t\t<h2 class=\"ee-post__title__heading\">Entretien avec notre pr\u00e9sidente Ombretta Moschella sur la relation entre le geste et la musique dans la danse africaine<\/h2>\n\t\t<\/a><div class=\"ee-post__excerpt\">Zam Martino Ebale, chor\u00e9graphe bien connu et qui vit \u00e0 Bruxelles, interviewe la pr\u00e9sidente de Amu Les Griots, Ombretta Moschella, sur la relation entre le&hellip;<\/div><\/div><!-- .ee-post__body --><div class=\"ee-post__footer ee-post__area\"><div class=\"ee-post__metas ee-post__metas--has-avatar ee-post__metas--has-metas\"><div class=\"ee-post__metas__avatar ee-post__meta--avatar\">\n\t\t\t\t\t\t\t<a href=\"https:\/\/amulesgriots.com\/fr\/author\/ombretta\/\">\n\t\t\t\t\t\t\t<img alt='Ombretta Moschella' src='https:\/\/secure.gravatar.com\/avatar\/643995288a40fb70f60cdba714ffc8a254b2b5de424daa5c3d3de7bd7c749aae?s=64&#038;d=mm&#038;r=g' srcset='https:\/\/secure.gravatar.com\/avatar\/643995288a40fb70f60cdba714ffc8a254b2b5de424daa5c3d3de7bd7c749aae?s=128&#038;d=mm&#038;r=g 2x' class='avatar avatar-64 photo ee-post__metas__avatar__image' height='64' width='64' \/>\t\t\t<\/a>\t\t<\/div><ul class=\"ee-post__metas__list display--\"><li class=\"ee-post__meta ee-post__meta--author\">\n\t\t\t\t\t\t\t<a href=\"https:\/\/amulesgriots.com\/fr\/author\/ombretta\/\">\n\t\t\t\t\t\t\t Ombretta Moschella<span class=\"ee-post__meta__separator\">\u00b7<\/span>\t\t\t<\/a>\t\t<\/li>\n\t\t<li class=\"ee-post__meta ee-post__meta--date ee-post__metas__date\"> 22\/07\/2020<span class=\"ee-post__meta__separator\">\u00b7<\/span><\/li><\/ul><\/div><\/div><!-- .ee-post__footer --><\/article><!-- .ee-post --><\/div><!-- .ee-loop__item --><div class=\"ee-grid__item ee-loop__item\"><article class=\"ee-post post-211 post type-post status-publish format-standard has-post-thumbnail hentry category-culture-fr\"><a class=\"ee-media ee-post__media ee-post__media--content\" href=\"https:\/\/amulesgriots.com\/fr\/interview-de-notre-presidente-ombretta-moschella-sur-le-theme-etre-habiter-par-deux-cultures\/\"><div class=\"ee-post__media__thumbnail ee-media__thumbnail\"><img decoding=\"async\" width=\"812\" height=\"472\" src=\"https:\/\/amulesgriots.com\/wp-content\/uploads\/2020\/08\/Annotation-2020-08-04-173021.png\" class=\"attachment-medium size-medium wp-image-208\" alt=\"\" srcset=\"https:\/\/amulesgriots.com\/wp-content\/uploads\/2020\/08\/Annotation-2020-08-04-173021.png 812w, https:\/\/amulesgriots.com\/wp-content\/uploads\/2020\/08\/Annotation-2020-08-04-173021-500x291.png 500w, https:\/\/amulesgriots.com\/wp-content\/uploads\/2020\/08\/Annotation-2020-08-04-173021-768x446.png 768w\" sizes=\"(max-width: 812px) 100vw, 812px\" \/><\/div><div class=\"ee-post__media__overlay ee-media__overlay\"><\/div><div class=\"ee-media__content ee-post__media__content ee-post__area\">\t\t<ul class=\"ee-post__terms\">\n\n\t\t\t\n\t\t\t\n\t\t\t\t<li class=\"ee-post__terms__term ee-term ee-term--culture-fr\">\n\t\t\t\t\t<span class=\"ee-post__terms__link ee-term__link\">\n\t\t\t\t\t\tCulture\t\t\t\t\t<\/span>\t\t\t\t<\/li>\n\n\t\t\t\t\t<\/ul>\n\t\t<\/div><!-- .ee-post__media__content --><\/a><!-- .ee-post__media --><div class=\"ee-post__body ee-post__area\"><a href=\"https:\/\/amulesgriots.com\/fr\/interview-de-notre-presidente-ombretta-moschella-sur-le-theme-etre-habiter-par-deux-cultures\/\" class=\"ee-post__title\">\n\t\t\t<h2 class=\"ee-post__title__heading\">Interview de notre presid\u00e9nte Ombretta Moschella sur le th\u00e9me \u00ab\u00a0etre habiter par deux cultures\u00a0\u00bb<\/h2>\n\t\t<\/a><div class=\"ee-post__excerpt\">R\u00e9gine Faik interview la pr\u00e9sidente de Amu Les Griots, Ombretta Moschella sur comment peut-on \u00eatre habit\u00e9(e) par une culture qui n&rsquo;est pas la n\u00f4tre et&hellip;<\/div><\/div><!-- .ee-post__body --><div class=\"ee-post__footer ee-post__area\"><div class=\"ee-post__metas ee-post__metas--has-avatar ee-post__metas--has-metas\"><div class=\"ee-post__metas__avatar ee-post__meta--avatar\">\n\t\t\t\t\t\t\t<a href=\"https:\/\/amulesgriots.com\/fr\/author\/ombretta\/\">\n\t\t\t\t\t\t\t<img alt='Ombretta Moschella' src='https:\/\/secure.gravatar.com\/avatar\/643995288a40fb70f60cdba714ffc8a254b2b5de424daa5c3d3de7bd7c749aae?s=64&#038;d=mm&#038;r=g' srcset='https:\/\/secure.gravatar.com\/avatar\/643995288a40fb70f60cdba714ffc8a254b2b5de424daa5c3d3de7bd7c749aae?s=128&#038;d=mm&#038;r=g 2x' class='avatar avatar-64 photo ee-post__metas__avatar__image' height='64' width='64' \/>\t\t\t<\/a>\t\t<\/div><ul class=\"ee-post__metas__list display--\"><li class=\"ee-post__meta ee-post__meta--author\">\n\t\t\t\t\t\t\t<a href=\"https:\/\/amulesgriots.com\/fr\/author\/ombretta\/\">\n\t\t\t\t\t\t\t Ombretta Moschella<span class=\"ee-post__meta__separator\">\u00b7<\/span>\t\t\t<\/a>\t\t<\/li>\n\t\t<li class=\"ee-post__meta ee-post__meta--date ee-post__metas__date\"> 02\/07\/2020<span class=\"ee-post__meta__separator\">\u00b7<\/span><\/li><\/ul><\/div><\/div><!-- .ee-post__footer --><\/article><!-- .ee-post --><\/div><!-- .ee-loop__item --><div class=\"ee-grid__item ee-loop__item\"><article class=\"ee-post post-221 post type-post status-publish format-standard has-post-thumbnail hentry category-culture-fr\"><a class=\"ee-media ee-post__media ee-post__media--content\" href=\"https:\/\/amulesgriots.com\/fr\/zamtv-espoir-xl-rencontre-lasbl-amu-les-griots\/\"><div class=\"ee-post__media__thumbnail ee-media__thumbnail\"><img loading=\"lazy\" decoding=\"async\" width=\"1000\" height=\"513\" src=\"https:\/\/amulesgriots.com\/wp-content\/uploads\/2020\/08\/1-1-1000x513.png\" class=\"attachment-medium size-medium wp-image-218\" alt=\"\" srcset=\"https:\/\/amulesgriots.com\/wp-content\/uploads\/2020\/08\/1-1-1000x513.png 1000w, https:\/\/amulesgriots.com\/wp-content\/uploads\/2020\/08\/1-1-1500x770.png 1500w, https:\/\/amulesgriots.com\/wp-content\/uploads\/2020\/08\/1-1-500x257.png 500w, https:\/\/amulesgriots.com\/wp-content\/uploads\/2020\/08\/1-1-768x394.png 768w, https:\/\/amulesgriots.com\/wp-content\/uploads\/2020\/08\/1-1-1536x789.png 1536w, https:\/\/amulesgriots.com\/wp-content\/uploads\/2020\/08\/1-1.png 1677w\" sizes=\"(max-width: 1000px) 100vw, 1000px\" \/><\/div><div class=\"ee-post__media__overlay ee-media__overlay\"><\/div><div class=\"ee-media__content ee-post__media__content ee-post__area\">\t\t<ul class=\"ee-post__terms\">\n\n\t\t\t\n\t\t\t\n\t\t\t\t<li class=\"ee-post__terms__term ee-term ee-term--culture-fr\">\n\t\t\t\t\t<span class=\"ee-post__terms__link ee-term__link\">\n\t\t\t\t\t\tCulture\t\t\t\t\t<\/span>\t\t\t\t<\/li>\n\n\t\t\t\t\t<\/ul>\n\t\t<\/div><!-- .ee-post__media__content --><\/a><!-- .ee-post__media --><div class=\"ee-post__body ee-post__area\"><a href=\"https:\/\/amulesgriots.com\/fr\/zamtv-espoir-xl-rencontre-lasbl-amu-les-griots\/\" class=\"ee-post__title\">\n\t\t\t<h2 class=\"ee-post__title__heading\">ZAMTV &#8211; ESPOIR XL &#8211; rencontre l&rsquo;asbl AMU Les Griots<\/h2>\n\t\t<\/a><div class=\"ee-post__excerpt\">Un vid\u00e9o portrait sur les deux co fondateurs de Amu Les Griots, Zourati\u00e9 Kon\u00e9 et son groupe musicale de Afro jazz Mandingue et Ombretta Moschella&hellip;<\/div><\/div><!-- .ee-post__body --><div class=\"ee-post__footer ee-post__area\"><div class=\"ee-post__metas ee-post__metas--has-avatar ee-post__metas--has-metas\"><div class=\"ee-post__metas__avatar ee-post__meta--avatar\">\n\t\t\t\t\t\t\t<a href=\"https:\/\/amulesgriots.com\/fr\/author\/ombretta\/\">\n\t\t\t\t\t\t\t<img alt='Ombretta Moschella' src='https:\/\/secure.gravatar.com\/avatar\/643995288a40fb70f60cdba714ffc8a254b2b5de424daa5c3d3de7bd7c749aae?s=64&#038;d=mm&#038;r=g' srcset='https:\/\/secure.gravatar.com\/avatar\/643995288a40fb70f60cdba714ffc8a254b2b5de424daa5c3d3de7bd7c749aae?s=128&#038;d=mm&#038;r=g 2x' class='avatar avatar-64 photo ee-post__metas__avatar__image' height='64' width='64' \/>\t\t\t<\/a>\t\t<\/div><ul class=\"ee-post__metas__list display--\"><li class=\"ee-post__meta ee-post__meta--author\">\n\t\t\t\t\t\t\t<a href=\"https:\/\/amulesgriots.com\/fr\/author\/ombretta\/\">\n\t\t\t\t\t\t\t Ombretta Moschella<span class=\"ee-post__meta__separator\">\u00b7<\/span>\t\t\t<\/a>\t\t<\/li>\n\t\t<li class=\"ee-post__meta ee-post__meta--date ee-post__metas__date\"> 05\/06\/2020<span class=\"ee-post__meta__separator\">\u00b7<\/span><\/li><\/ul><\/div><\/div><!-- .ee-post__footer --><\/article><!-- .ee-post --><\/div><!-- .ee-loop__item --><div class=\"ee-grid__item ee-loop__item\"><article class=\"ee-post post-165 post type-post status-publish format-standard has-post-thumbnail hentry category-cours-et-evenements\"><a class=\"ee-media ee-post__media ee-post__media--content\" href=\"https:\/\/amulesgriots.com\/fr\/afro-jazz-mandingue-atelier-permanente-sur-la-musique-de-zouratie-kone\/\"><div class=\"ee-post__media__thumbnail ee-media__thumbnail\"><img loading=\"lazy\" decoding=\"async\" width=\"842\" height=\"1191\" src=\"https:\/\/amulesgriots.com\/wp-content\/uploads\/2020\/08\/AMU-ATELIER-2019-web.jpg\" class=\"attachment-medium size-medium wp-image-158\" alt=\"\" srcset=\"https:\/\/amulesgriots.com\/wp-content\/uploads\/2020\/08\/AMU-ATELIER-2019-web.jpg 842w, https:\/\/amulesgriots.com\/wp-content\/uploads\/2020\/08\/AMU-ATELIER-2019-web-500x707.jpg 500w, https:\/\/amulesgriots.com\/wp-content\/uploads\/2020\/08\/AMU-ATELIER-2019-web-768x1086.jpg 768w\" sizes=\"(max-width: 842px) 100vw, 842px\" \/><\/div><div class=\"ee-post__media__overlay ee-media__overlay\"><\/div><div class=\"ee-media__content ee-post__media__content ee-post__area\">\t\t<ul class=\"ee-post__terms\">\n\n\t\t\t\n\t\t\t\n\t\t\t\t<li class=\"ee-post__terms__term ee-term ee-term--cours-et-evenements\">\n\t\t\t\t\t<span class=\"ee-post__terms__link ee-term__link\">\n\t\t\t\t\t\tCours et \u00e9v\u00e9nements\t\t\t\t\t<\/span>\t\t\t\t<\/li>\n\n\t\t\t\t\t<\/ul>\n\t\t<\/div><!-- .ee-post__media__content --><\/a><!-- .ee-post__media --><div class=\"ee-post__body ee-post__area\"><a href=\"https:\/\/amulesgriots.com\/fr\/afro-jazz-mandingue-atelier-permanente-sur-la-musique-de-zouratie-kone\/\" class=\"ee-post__title\">\n\t\t\t<h2 class=\"ee-post__title__heading\">Afro Jazz Mandingue &#8211; atelier permanent sur la musique de Zourati\u00e9 Kon\u00e9<\/h2>\n\t\t<\/a><div class=\"ee-post__excerpt\">Amu Les Griots coordonne l&rsquo;atelier permanent Afro Jazz Mandingo sur la musique du groupe ZKE! Zourati\u00e9 Kon\u00e9 Ensemble, \u00e0 Bruxelles, du 30\/11\/2019 au 27\/06\/2020. Rejoignez&hellip;<\/div><\/div><!-- .ee-post__body --><div class=\"ee-post__footer ee-post__area\"><div class=\"ee-post__metas ee-post__metas--has-avatar ee-post__metas--has-metas\"><div class=\"ee-post__metas__avatar ee-post__meta--avatar\">\n\t\t\t\t\t\t\t<a href=\"https:\/\/amulesgriots.com\/fr\/author\/ombretta\/\">\n\t\t\t\t\t\t\t<img alt='Ombretta Moschella' src='https:\/\/secure.gravatar.com\/avatar\/643995288a40fb70f60cdba714ffc8a254b2b5de424daa5c3d3de7bd7c749aae?s=64&#038;d=mm&#038;r=g' srcset='https:\/\/secure.gravatar.com\/avatar\/643995288a40fb70f60cdba714ffc8a254b2b5de424daa5c3d3de7bd7c749aae?s=128&#038;d=mm&#038;r=g 2x' class='avatar avatar-64 photo ee-post__metas__avatar__image' height='64' width='64' \/>\t\t\t<\/a>\t\t<\/div><ul class=\"ee-post__metas__list display--\"><li class=\"ee-post__meta ee-post__meta--author\">\n\t\t\t\t\t\t\t<a href=\"https:\/\/amulesgriots.com\/fr\/author\/ombretta\/\">\n\t\t\t\t\t\t\t Ombretta Moschella<span class=\"ee-post__meta__separator\">\u00b7<\/span>\t\t\t<\/a>\t\t<\/li>\n\t\t<li class=\"ee-post__meta ee-post__meta--date ee-post__metas__date\"> 01\/11\/2019<span class=\"ee-post__meta__separator\">\u00b7<\/span><\/li><\/ul><\/div><\/div><!-- .ee-post__footer --><\/article><!-- .ee-post --><\/div><!-- .ee-loop__item --><div class=\"ee-grid__item ee-loop__item\"><article class=\"ee-post post-145 post type-post status-publish format-standard has-post-thumbnail hentry category-cours-et-evenements\"><a class=\"ee-media ee-post__media ee-post__media--content\" href=\"https:\/\/amulesgriots.com\/fr\/zouratie-kone-animera-deux-ateliers-en-collaboration-avec-la-royale-academie-internationale-dete-de-wallonie\/\"><div class=\"ee-post__media__thumbnail ee-media__thumbnail\"><img loading=\"lazy\" decoding=\"async\" width=\"1000\" height=\"563\" src=\"https:\/\/amulesgriots.com\/wp-content\/uploads\/2020\/08\/20190706_211615-1000x563.jpg\" class=\"attachment-medium size-medium wp-image-122\" alt=\"\" srcset=\"https:\/\/amulesgriots.com\/wp-content\/uploads\/2020\/08\/20190706_211615-1000x563.jpg 1000w, https:\/\/amulesgriots.com\/wp-content\/uploads\/2020\/08\/20190706_211615-1500x844.jpg 1500w, https:\/\/amulesgriots.com\/wp-content\/uploads\/2020\/08\/20190706_211615-500x281.jpg 500w, https:\/\/amulesgriots.com\/wp-content\/uploads\/2020\/08\/20190706_211615-768x432.jpg 768w, https:\/\/amulesgriots.com\/wp-content\/uploads\/2020\/08\/20190706_211615-1536x864.jpg 1536w, https:\/\/amulesgriots.com\/wp-content\/uploads\/2020\/08\/20190706_211615-2048x1152.jpg 2048w\" sizes=\"(max-width: 1000px) 100vw, 1000px\" \/><\/div><div class=\"ee-post__media__overlay ee-media__overlay\"><\/div><div class=\"ee-media__content ee-post__media__content ee-post__area\">\t\t<ul class=\"ee-post__terms\">\n\n\t\t\t\n\t\t\t\n\t\t\t\t<li class=\"ee-post__terms__term ee-term ee-term--cours-et-evenements\">\n\t\t\t\t\t<span class=\"ee-post__terms__link ee-term__link\">\n\t\t\t\t\t\tCours et \u00e9v\u00e9nements\t\t\t\t\t<\/span>\t\t\t\t<\/li>\n\n\t\t\t\t\t<\/ul>\n\t\t<\/div><!-- .ee-post__media__content --><\/a><!-- .ee-post__media --><div class=\"ee-post__body ee-post__area\"><a href=\"https:\/\/amulesgriots.com\/fr\/zouratie-kone-animera-deux-ateliers-en-collaboration-avec-la-royale-academie-internationale-dete-de-wallonie\/\" class=\"ee-post__title\">\n\t\t\t<h2 class=\"ee-post__title__heading\">Zourati\u00e9 Kon\u00e9 animera deux ateliers en collaboration avec la Royale Acad\u00e9mie Internationale d&rsquo;\u00c9t\u00e9 de Wallonie<\/h2>\n\t\t<\/a><div class=\"ee-post__excerpt\">Amu Les Griots a coordonn\u00e9 les ateliers Rythmes et instruments d&rsquo;Afrique de l&rsquo;Ouest et Afro Jazz Mandingo, que Zourati\u00e9 Kon\u00e9 a organis\u00e9 en collaboration avec&hellip;<\/div><\/div><!-- .ee-post__body --><div class=\"ee-post__footer ee-post__area\"><div class=\"ee-post__metas ee-post__metas--has-avatar ee-post__metas--has-metas\"><div class=\"ee-post__metas__avatar ee-post__meta--avatar\">\n\t\t\t\t\t\t\t<a href=\"https:\/\/amulesgriots.com\/fr\/author\/ombretta\/\">\n\t\t\t\t\t\t\t<img alt='Ombretta Moschella' src='https:\/\/secure.gravatar.com\/avatar\/643995288a40fb70f60cdba714ffc8a254b2b5de424daa5c3d3de7bd7c749aae?s=64&#038;d=mm&#038;r=g' srcset='https:\/\/secure.gravatar.com\/avatar\/643995288a40fb70f60cdba714ffc8a254b2b5de424daa5c3d3de7bd7c749aae?s=128&#038;d=mm&#038;r=g 2x' class='avatar avatar-64 photo ee-post__metas__avatar__image' height='64' width='64' \/>\t\t\t<\/a>\t\t<\/div><ul class=\"ee-post__metas__list display--\"><li class=\"ee-post__meta ee-post__meta--author\">\n\t\t\t\t\t\t\t<a href=\"https:\/\/amulesgriots.com\/fr\/author\/ombretta\/\">\n\t\t\t\t\t\t\t Ombretta Moschella<span class=\"ee-post__meta__separator\">\u00b7<\/span>\t\t\t<\/a>\t\t<\/li>\n\t\t<li class=\"ee-post__meta ee-post__meta--date ee-post__metas__date\"> 01\/07\/2019<span class=\"ee-post__meta__separator\">\u00b7<\/span><\/li><\/ul><\/div><\/div><!-- .ee-post__footer --><\/article><!-- .ee-post --><\/div><!-- .ee-loop__item --><div class=\"ee-grid__item ee-loop__item\"><article class=\"ee-post post-119 post type-post status-publish format-video has-post-thumbnail hentry category-amu-production-fr post_format-post-format-video\"><a class=\"ee-media ee-post__media ee-post__media--content\" href=\"https:\/\/amulesgriots.com\/fr\/zouratie-kone-a-compose-la-bande-sonore-du-court-metrage-zurura-le-sourire-fleurit-de-frieda-ekotto-et-marthe-djilo-kamga\/\"><div class=\"ee-post__media__thumbnail ee-media__thumbnail\"><img loading=\"lazy\" decoding=\"async\" width=\"672\" height=\"960\" src=\"https:\/\/amulesgriots.com\/wp-content\/uploads\/2019\/06\/72708731_2629484147113867_2624399698470895616_o.jpg\" class=\"attachment-medium size-medium wp-image-150\" alt=\"\" srcset=\"https:\/\/amulesgriots.com\/wp-content\/uploads\/2019\/06\/72708731_2629484147113867_2624399698470895616_o.jpg 672w, https:\/\/amulesgriots.com\/wp-content\/uploads\/2019\/06\/72708731_2629484147113867_2624399698470895616_o-500x714.jpg 500w\" sizes=\"(max-width: 672px) 100vw, 672px\" \/><\/div><div class=\"ee-post__media__overlay ee-media__overlay\"><\/div><div class=\"ee-media__content ee-post__media__content ee-post__area\">\t\t<ul class=\"ee-post__terms\">\n\n\t\t\t\n\t\t\t\n\t\t\t\t<li class=\"ee-post__terms__term ee-term ee-term--amu-production-fr\">\n\t\t\t\t\t<span class=\"ee-post__terms__link ee-term__link\">\n\t\t\t\t\t\tAMU production\t\t\t\t\t<\/span>\t\t\t\t<\/li>\n\n\t\t\t\t\t<\/ul>\n\t\t<\/div><!-- .ee-post__media__content --><\/a><!-- .ee-post__media --><div class=\"ee-post__body ee-post__area\"><a href=\"https:\/\/amulesgriots.com\/fr\/zouratie-kone-a-compose-la-bande-sonore-du-court-metrage-zurura-le-sourire-fleurit-de-frieda-ekotto-et-marthe-djilo-kamga\/\" class=\"ee-post__title\">\n\t\t\t<h2 class=\"ee-post__title__heading\">Zourati\u00e9 Kon\u00e9 a compos\u00e9 la bande sonore du court m\u00e9trage \u00ab\u00a0Zurura le sourire fleurit\u00a0\u00bb de Frieda Ekotto et Marthe Djilo Kamga<\/h2>\n\t\t<\/a><div class=\"ee-post__excerpt\">Zourati\u00e9 Kon\u00e9 a compos\u00e9 la bande sonore du court m\u00e9trage \u00ab\u00a0Zurura le sourire fleurit\u00a0\u00bb de Frieda Ekotto et Marthe Djilo Kamga, essai philosophique visuel et&hellip;<\/div><\/div><!-- .ee-post__body --><div class=\"ee-post__footer ee-post__area\"><div class=\"ee-post__metas ee-post__metas--has-avatar ee-post__metas--has-metas\"><div class=\"ee-post__metas__avatar ee-post__meta--avatar\">\n\t\t\t\t\t\t\t<a href=\"https:\/\/amulesgriots.com\/fr\/author\/ombretta\/\">\n\t\t\t\t\t\t\t<img alt='Ombretta Moschella' src='https:\/\/secure.gravatar.com\/avatar\/643995288a40fb70f60cdba714ffc8a254b2b5de424daa5c3d3de7bd7c749aae?s=64&#038;d=mm&#038;r=g' srcset='https:\/\/secure.gravatar.com\/avatar\/643995288a40fb70f60cdba714ffc8a254b2b5de424daa5c3d3de7bd7c749aae?s=128&#038;d=mm&#038;r=g 2x' class='avatar avatar-64 photo ee-post__metas__avatar__image' height='64' width='64' \/>\t\t\t<\/a>\t\t<\/div><ul class=\"ee-post__metas__list display--\"><li class=\"ee-post__meta ee-post__meta--author\">\n\t\t\t\t\t\t\t<a href=\"https:\/\/amulesgriots.com\/fr\/author\/ombretta\/\">\n\t\t\t\t\t\t\t Ombretta Moschella<span class=\"ee-post__meta__separator\">\u00b7<\/span>\t\t\t<\/a>\t\t<\/li>\n\t\t<li class=\"ee-post__meta ee-post__meta--date ee-post__metas__date\"> 01\/06\/2019<span class=\"ee-post__meta__separator\">\u00b7<\/span><\/li><\/ul><\/div><\/div><!-- .ee-post__footer --><\/article><!-- .ee-post --><\/div><!-- .ee-loop__item --><div class=\"ee-grid__item ee-loop__item\"><article class=\"ee-post post-200 post type-post status-publish format-standard has-post-thumbnail hentry category-cours-et-evenements\"><a class=\"ee-media ee-post__media ee-post__media--content\" href=\"https:\/\/amulesgriots.com\/fr\/amu-les-griots-ouvre-son-espace-creatif-l-atelier-of-rhythms-a-chausse-de-bondael-581\/\"><div class=\"ee-post__media__thumbnail ee-media__thumbnail\"><img loading=\"lazy\" decoding=\"async\" width=\"1000\" height=\"563\" src=\"https:\/\/amulesgriots.com\/wp-content\/uploads\/2018\/10\/SANY0051-1000x563.jpg\" class=\"attachment-medium size-medium wp-image-170\" alt=\"\" srcset=\"https:\/\/amulesgriots.com\/wp-content\/uploads\/2018\/10\/SANY0051-1000x563.jpg 1000w, https:\/\/amulesgriots.com\/wp-content\/uploads\/2018\/10\/SANY0051-1500x844.jpg 1500w, https:\/\/amulesgriots.com\/wp-content\/uploads\/2018\/10\/SANY0051-500x281.jpg 500w, https:\/\/amulesgriots.com\/wp-content\/uploads\/2018\/10\/SANY0051-768x432.jpg 768w, https:\/\/amulesgriots.com\/wp-content\/uploads\/2018\/10\/SANY0051-1536x864.jpg 1536w, https:\/\/amulesgriots.com\/wp-content\/uploads\/2018\/10\/SANY0051-2048x1152.jpg 2048w\" sizes=\"(max-width: 1000px) 100vw, 1000px\" \/><\/div><div class=\"ee-post__media__overlay ee-media__overlay\"><\/div><div class=\"ee-media__content ee-post__media__content ee-post__area\">\t\t<ul class=\"ee-post__terms\">\n\n\t\t\t\n\t\t\t\n\t\t\t\t<li class=\"ee-post__terms__term ee-term ee-term--cours-et-evenements\">\n\t\t\t\t\t<span class=\"ee-post__terms__link ee-term__link\">\n\t\t\t\t\t\tCours et \u00e9v\u00e9nements\t\t\t\t\t<\/span>\t\t\t\t<\/li>\n\n\t\t\t\t\t<\/ul>\n\t\t<\/div><!-- .ee-post__media__content --><\/a><!-- .ee-post__media --><div class=\"ee-post__body ee-post__area\"><a href=\"https:\/\/amulesgriots.com\/fr\/amu-les-griots-ouvre-son-espace-creatif-l-atelier-of-rhythms-a-chausse-de-bondael-581\/\" class=\"ee-post__title\">\n\t\t\t<h2 class=\"ee-post__title__heading\">AMU Les Griots ouvre son espace creatif, l&rsquo; \u00ab\u00a0Atelier of rhythms\u00a0\u00bb \u00e0 Chauss\u00e9 de Bondael 581<\/h2>\n\t\t<\/a><div class=\"ee-post__excerpt\">Amu Les Griots a d\u00e9marr\u00e9 un partenariat avec Binhome, une soci\u00e9t\u00e9 immobili\u00e8re de service public, qui g\u00e8re des logements sociaux afin de r\u00e9pondre aux besoins&hellip;<\/div><\/div><!-- .ee-post__body --><div class=\"ee-post__footer ee-post__area\"><div class=\"ee-post__metas ee-post__metas--has-avatar ee-post__metas--has-metas\"><div class=\"ee-post__metas__avatar ee-post__meta--avatar\">\n\t\t\t\t\t\t\t<a href=\"https:\/\/amulesgriots.com\/fr\/author\/ombretta\/\">\n\t\t\t\t\t\t\t<img alt='Ombretta Moschella' src='https:\/\/secure.gravatar.com\/avatar\/643995288a40fb70f60cdba714ffc8a254b2b5de424daa5c3d3de7bd7c749aae?s=64&#038;d=mm&#038;r=g' srcset='https:\/\/secure.gravatar.com\/avatar\/643995288a40fb70f60cdba714ffc8a254b2b5de424daa5c3d3de7bd7c749aae?s=128&#038;d=mm&#038;r=g 2x' class='avatar avatar-64 photo ee-post__metas__avatar__image' height='64' width='64' \/>\t\t\t<\/a>\t\t<\/div><ul class=\"ee-post__metas__list display--\"><li class=\"ee-post__meta ee-post__meta--author\">\n\t\t\t\t\t\t\t<a href=\"https:\/\/amulesgriots.com\/fr\/author\/ombretta\/\">\n\t\t\t\t\t\t\t Ombretta Moschella<span class=\"ee-post__meta__separator\">\u00b7<\/span>\t\t\t<\/a>\t\t<\/li>\n\t\t<li class=\"ee-post__meta ee-post__meta--date ee-post__metas__date\"> 01\/10\/2018<span class=\"ee-post__meta__separator\">\u00b7<\/span><\/li><\/ul><\/div><\/div><!-- .ee-post__footer --><\/article><!-- .ee-post --><\/div><!-- .ee-loop__item --><\/div><!-- .ee-loop --><nav aria-label=\"Pagination\" class=\"ee-pagination ee-pagination--is\" role=\"navigation\"><\/nav><div class=\"ee-load-status\">\n\t\t\t<div class=\"ee-load-status__request infinite-scroll-request\">\n\t\t\t\t<svg version=\"1.1\" id=\"loader-1\" xmlns=\"http:\/\/www.w3.org\/2000\/svg\" xmlns:xlink=\"http:\/\/www.w3.org\/1999\/xlink\" x=\"0px\" y=\"0px\" width=\"40px\" height=\"40px\" viewBox=\"0 0 40 40\" enable-background=\"new 0 0 40 40\" xml:space=\"preserve\">\n\t<path opacity=\"0.2\" fill=\"#000\" d=\"M20.201,5.169c-8.254,0-14.946,6.692-14.946,14.946c0,8.255,6.692,14.946,14.946,14.946 s14.946-6.691,14.946-14.946C35.146,11.861,28.455,5.169,20.201,5.169z M20.201,31.749c-6.425,0-11.634-5.208-11.634-11.634 c0-6.425,5.209-11.634,11.634-11.634c6.425,0,11.633,5.209,11.633,11.634C31.834,26.541,26.626,31.749,20.201,31.749z\"\/>\n\t<path fill=\"#000\" d=\"M26.013,10.047l1.654-2.866c-2.198-1.272-4.743-2.012-7.466-2.012h0v3.312h0 C22.32,8.481,24.301,9.057,26.013,10.047z\">\n\t\t<animateTransform attributeType=\"xml\"\n\t\t\tattributeName=\"transform\"\n\t\t\ttype=\"rotate\"\n\t\t\tfrom=\"0 20 20\"\n\t\t\tto=\"360 20 20\"\n\t\t\tdur=\"0.5s\"\n\t\t\trepeatCount=\"indefinite\"\/>\n\t<\/path>\n<\/svg>\t\t\t<\/div>\n\t\t\t<div class=\"ee-load-status__last infinite-scroll-last\">\n\t\t\t\tIl n'y a plus rien \u00e0 montrer\t\t\t<\/div>\n\t\t\t<div class=\"ee-load-status__error infinite-scroll-error\">\n\t\t\t\tIl n'y a plus rien \u00e0 montrer\t\t\t<\/div>\n\t\t<\/div>\t\t\t\t<\/div>\n\t\t\t\t<\/div>\n\t\t\t\t\t<\/div>\n\t\t<\/div>\n\t\t\t\t\t<\/div>\n\t\t<\/section>\n\t\t\t\t<\/div>\n\t\t","protected":false},"excerpt":{"rendered":"<p>Blog Histoires et actualit\u00e9s de nos projets Photos de Roger Vantilt Culture Ombretta Moschella tells about her last experience in Burkina Faso and Mali as well as her various ongoing projects in the program Vision [&hellip;]<\/p>\n","protected":false},"author":1,"featured_media":0,"parent":0,"menu_order":0,"comment_status":"closed","ping_status":"closed","template":"","meta":{"site-sidebar-layout":"no-sidebar","site-content-layout":"page-builder","ast-site-content-layout":"default","site-content-style":"default","site-sidebar-style":"default","ast-global-header-display":"","ast-banner-title-visibility":"","ast-main-header-display":"","ast-hfb-above-header-display":"","ast-hfb-below-header-display":"","ast-hfb-mobile-header-display":"","site-post-title":"disabled","ast-breadcrumbs-content":"","ast-featured-img":"disabled","footer-sml-layout":"","ast-disable-related-posts":"","theme-transparent-header-meta":"default","adv-header-id-meta":"","stick-header-meta":"default","header-above-stick-meta":"","header-main-stick-meta":"","header-below-stick-meta":"","astra-migrate-meta-layouts":"default","ast-page-background-enabled":"default","ast-page-background-meta":{"desktop":{"background-color":"","background-image":"","background-repeat":"repeat","background-position":"center center","background-size":"auto","background-attachment":"scroll","background-type":"","background-media":"","overlay-type":"","overlay-color":"","overlay-opacity":"","overlay-gradient":""},"tablet":{"background-color":"","background-image":"","background-repeat":"repeat","background-position":"center center","background-size":"auto","background-attachment":"scroll","background-type":"","background-media":"","overlay-type":"","overlay-color":"","overlay-opacity":"","overlay-gradient":""},"mobile":{"background-color":"","background-image":"","background-repeat":"repeat","background-position":"center center","background-size":"auto","background-attachment":"scroll","background-type":"","background-media":"","overlay-type":"","overlay-color":"","overlay-opacity":"","overlay-gradient":""}},"ast-content-background-meta":{"desktop":{"background-color":"var(--ast-global-color-5)","background-image":"","background-repeat":"repeat","background-position":"center center","background-size":"auto","background-attachment":"scroll","background-type":"","background-media":"","overlay-type":"","overlay-color":"","overlay-opacity":"","overlay-gradient":""},"tablet":{"background-color":"var(--ast-global-color-5)","background-image":"","background-repeat":"repeat","background-position":"center center","background-size":"auto","background-attachment":"scroll","background-type":"","background-media":"","overlay-type":"","overlay-color":"","overlay-opacity":"","overlay-gradient":""},"mobile":{"background-color":"var(--ast-global-color-5)","background-image":"","background-repeat":"repeat","background-position":"center center","background-size":"auto","background-attachment":"scroll","background-type":"","background-media":"","overlay-type":"","overlay-color":"","overlay-opacity":"","overlay-gradient":""}},"footnotes":""},"class_list":["post-360","page","type-page","status-publish","hentry"],"jetpack_sharing_enabled":true,"_links":{"self":[{"href":"https:\/\/amulesgriots.com\/fr\/wp-json\/wp\/v2\/pages\/360","targetHints":{"allow":["GET"]}}],"collection":[{"href":"https:\/\/amulesgriots.com\/fr\/wp-json\/wp\/v2\/pages"}],"about":[{"href":"https:\/\/amulesgriots.com\/fr\/wp-json\/wp\/v2\/types\/page"}],"author":[{"embeddable":true,"href":"https:\/\/amulesgriots.com\/fr\/wp-json\/wp\/v2\/users\/1"}],"replies":[{"embeddable":true,"href":"https:\/\/amulesgriots.com\/fr\/wp-json\/wp\/v2\/comments?post=360"}],"version-history":[{"count":16,"href":"https:\/\/amulesgriots.com\/fr\/wp-json\/wp\/v2\/pages\/360\/revisions"}],"predecessor-version":[{"id":744,"href":"https:\/\/amulesgriots.com\/fr\/wp-json\/wp\/v2\/pages\/360\/revisions\/744"}],"wp:attachment":[{"href":"https:\/\/amulesgriots.com\/fr\/wp-json\/wp\/v2\/media?parent=360"}],"curies":[{"name":"wp","href":"https:\/\/api.w.org\/{rel}","templated":true}]}}