{"id":326,"date":"2020-08-11T19:43:50","date_gmt":"2020-08-11T19:43:50","guid":{"rendered":"http:\/\/amulesgriots.com\/qui-nous-sommes\/"},"modified":"2020-09-22T17:49:31","modified_gmt":"2020-09-22T17:49:31","slug":"qui-nous-sommes","status":"publish","type":"page","link":"https:\/\/amulesgriots.com\/fr\/qui-nous-sommes\/","title":{"rendered":"Qui nous sommes"},"content":{"rendered":"\t\t<div data-elementor-type=\"wp-page\" data-elementor-id=\"326\" class=\"elementor elementor-326 elementor-129\" data-elementor-post-type=\"page\">\n\t\t\t\t\t\t<section class=\"elementor-section elementor-top-section elementor-element elementor-element-5bb1ec8 elementor-section-full_width elementor-section-height-min-height elementor-section-height-default elementor-section-items-middle\" data-id=\"5bb1ec8\" data-element_type=\"section\" data-e-type=\"section\" data-settings=\"{&quot;background_background&quot;:&quot;video&quot;,&quot;background_video_link&quot;:&quot;https:\\\/\\\/www.youtube.com\\\/watch?v=QBwaQFrDA_o&quot;,&quot;shape_divider_bottom&quot;:&quot;arrow&quot;}\">\n\t\t\t\t\t\t\t\t<div class=\"elementor-background-video-container elementor-hidden-mobile\">\n\t\t\t\t\t\t\t\t\t\t\t\t\t<div class=\"elementor-background-video-embed\" role=\"presentation\"><\/div>\n\t\t\t\t\t\t\t\t\t\t\t\t<\/div>\n\t\t\t\t\t\t\t<div class=\"elementor-shape elementor-shape-bottom\" aria-hidden=\"true\" data-negative=\"false\">\n\t\t\t<svg xmlns=\"http:\/\/www.w3.org\/2000\/svg\" viewBox=\"0 0 700 10\" preserveAspectRatio=\"none\">\n\t<path class=\"elementor-shape-fill\" d=\"M350,10L340,0h20L350,10z\"\/>\n<\/svg>\t\t<\/div>\n\t\t\t\t\t<div class=\"elementor-container elementor-column-gap-default\">\n\t\t\t\t\t<div class=\"elementor-column elementor-col-100 elementor-top-column elementor-element elementor-element-5f20edb\" data-id=\"5f20edb\" data-element_type=\"column\" data-e-type=\"column\">\n\t\t\t<div class=\"elementor-widget-wrap elementor-element-populated\">\n\t\t\t\t\t\t<div class=\"elementor-element elementor-element-e3a2f7c elementor-widget elementor-widget-heading\" data-id=\"e3a2f7c\" data-element_type=\"widget\" data-e-type=\"widget\" data-widget_type=\"heading.default\">\n\t\t\t\t<div class=\"elementor-widget-container\">\n\t\t\t\t\t<h2 class=\"elementor-heading-title elementor-size-default\">Nos activit\u00e9s<\/h2>\t\t\t\t<\/div>\n\t\t\t\t<\/div>\n\t\t\t\t<div class=\"elementor-element elementor-element-f6be3a9 elementor-widget elementor-widget-heading\" data-id=\"f6be3a9\" data-element_type=\"widget\" data-e-type=\"widget\" data-widget_type=\"heading.default\">\n\t\t\t\t<div class=\"elementor-widget-container\">\n\t\t\t\t\t<h2 class=\"elementor-heading-title elementor-size-default\">Qui nous sommes<\/h2>\t\t\t\t<\/div>\n\t\t\t\t<\/div>\n\t\t\t\t<div class=\"elementor-element elementor-element-6c0c30f elementor-view-default elementor-widget elementor-widget-icon\" data-id=\"6c0c30f\" data-element_type=\"widget\" data-e-type=\"widget\" data-widget_type=\"icon.default\">\n\t\t\t\t<div class=\"elementor-widget-container\">\n\t\t\t\t\t\t\t<div class=\"elementor-icon-wrapper\">\n\t\t\t<a class=\"elementor-icon\" href=\"#start\">\n\t\t\t<i aria-hidden=\"true\" class=\"fas fa-chevron-down\"><\/i>\t\t\t<\/a>\n\t\t<\/div>\n\t\t\t\t\t\t<\/div>\n\t\t\t\t<\/div>\n\t\t\t\t\t<\/div>\n\t\t<\/div>\n\t\t\t\t\t<\/div>\n\t\t<\/section>\n\t\t\t\t<section class=\"elementor-section elementor-top-section elementor-element elementor-element-30ac587 elementor-section-boxed elementor-section-height-default elementor-section-height-default\" data-id=\"30ac587\" data-element_type=\"section\" data-e-type=\"section\" data-settings=\"{&quot;background_background&quot;:&quot;classic&quot;}\">\n\t\t\t\t\t\t<div class=\"elementor-container elementor-column-gap-default\">\n\t\t\t\t\t<div class=\"elementor-column elementor-col-100 elementor-top-column elementor-element elementor-element-b765bbf\" data-id=\"b765bbf\" data-element_type=\"column\" data-e-type=\"column\">\n\t\t\t<div class=\"elementor-widget-wrap elementor-element-populated\">\n\t\t\t\t\t\t<div class=\"elementor-element elementor-element-8bf7e3b elementor-widget elementor-widget-image\" data-id=\"8bf7e3b\" data-element_type=\"widget\" data-e-type=\"widget\" data-widget_type=\"image.default\">\n\t\t\t\t<div class=\"elementor-widget-container\">\n\t\t\t\t\t\t\t\t\t\t\t\t\t\t\t<img fetchpriority=\"high\" decoding=\"async\" width=\"500\" height=\"500\" src=\"https:\/\/amulesgriots.com\/wp-content\/uploads\/2020\/08\/noun_Factory_1666765-500x500.png\" class=\"attachment-thumbnail size-thumbnail wp-image-280\" alt=\"\" srcset=\"https:\/\/amulesgriots.com\/wp-content\/uploads\/2020\/08\/noun_Factory_1666765-500x500.png 500w, https:\/\/amulesgriots.com\/wp-content\/uploads\/2020\/08\/noun_Factory_1666765.png 504w\" sizes=\"(max-width: 500px) 100vw, 500px\" \/>\t\t\t\t\t\t\t\t\t\t\t\t\t\t\t<\/div>\n\t\t\t\t<\/div>\n\t\t\t\t<div class=\"elementor-element elementor-element-80da7e0 elementor-widget elementor-widget-text-editor\" data-id=\"80da7e0\" data-element_type=\"widget\" data-e-type=\"widget\" data-widget_type=\"text-editor.default\">\n\t\t\t\t<div class=\"elementor-widget-container\">\n\t\t\t\t\t\t\t\t\t<p><strong>Amu Les Griots e<\/strong>st une organisation \u00e0 but non lucratif\u00a0<span style=\"font-size: 16px; font-style: normal; font-weight: 400;\">bas\u00e9e en Belgique, avec un centre culturel associ\u00e9 \u00e0 Bobo Dioulasso, au Burkina Faso, dont le but est<\/span><span style=\"font-size: 16px; font-style: normal; font-weight: 400;\">\u00a0<\/span>la promotion des Arts et du patrimoine culturel, g\u00e9ographique et humain des pays d\u2019Afrique de l\u2019Ouest et la rencontre de cultures<span style=\"font-size: 16px;\">.<\/span><\/p>\n<p>A travers ses multiples activit\u00e9s, elle cr\u00e9e, au moyen du rythme, de la musique et de la danse, un espace consacr\u00e9 \u00e0 la coh\u00e9sion sociale, au d\u00e9veloppement d\u2019une culture qui met en valeur les diff\u00e9rences et les int\u00e8gre, interg\u00e9n\u00e9rationnel, au service \u00a0du bien \u00eatre social, de la solidarit\u00e9, du loisir et de la s\u00e9curit\u00e9 sociale.<\/p>\n<p>Au c\u0153ur de nos activit\u00e9s associatives se trouve la cr\u00e9ation d\u2019un espace d\u2019apprentissage des rythmes \u00e0 travers une m\u00e9thodologie qui privil\u00e8ge la transmission via l\u2019oralit\u00e9 et la mise en place des rituels.<\/p>\n\t\t\t\t\t\t\t\t<\/div>\n\t\t\t\t<\/div>\n\t\t\t\t\t<\/div>\n\t\t<\/div>\n\t\t\t\t\t<\/div>\n\t\t<\/section>\n\t\t\t\t<section class=\"elementor-section elementor-top-section elementor-element elementor-element-dd9078f elementor-section-full_width elementor-section-height-default elementor-section-height-default\" data-id=\"dd9078f\" data-element_type=\"section\" data-e-type=\"section\" data-settings=\"{&quot;background_background&quot;:&quot;classic&quot;}\">\n\t\t\t\t\t\t<div class=\"elementor-container elementor-column-gap-default\">\n\t\t\t\t\t<div class=\"elementor-column elementor-col-25 elementor-top-column elementor-element elementor-element-2fcd858\" data-id=\"2fcd858\" data-element_type=\"column\" data-e-type=\"column\" data-settings=\"{&quot;background_background&quot;:&quot;classic&quot;}\">\n\t\t\t<div class=\"elementor-widget-wrap elementor-element-populated\">\n\t\t\t\t\t\t<div class=\"elementor-element elementor-element-ba8c53c elementor-widget elementor-widget-heading\" data-id=\"ba8c53c\" data-element_type=\"widget\" data-e-type=\"widget\" data-widget_type=\"heading.default\">\n\t\t\t\t<div class=\"elementor-widget-container\">\n\t\t\t\t\t<h2 class=\"elementor-heading-title elementor-size-default\">Nos activit\u00e9s<\/h2>\t\t\t\t<\/div>\n\t\t\t\t<\/div>\n\t\t\t\t\t<\/div>\n\t\t<\/div>\n\t\t\t\t<div class=\"elementor-column elementor-col-25 elementor-top-column elementor-element elementor-element-7ff9c51\" data-id=\"7ff9c51\" data-element_type=\"column\" data-e-type=\"column\">\n\t\t\t<div class=\"elementor-widget-wrap elementor-element-populated\">\n\t\t\t\t\t\t<div class=\"elementor-element elementor-element-12d13d6 elementor-widget elementor-widget-image\" data-id=\"12d13d6\" data-element_type=\"widget\" data-e-type=\"widget\" data-widget_type=\"image.default\">\n\t\t\t\t<div class=\"elementor-widget-container\">\n\t\t\t\t\t\t\t\t\t\t\t\t\t\t\t<img decoding=\"async\" width=\"500\" height=\"510\" src=\"https:\/\/amulesgriots.com\/wp-content\/uploads\/2020\/08\/noun_Project_3291368-500x510.png\" class=\"attachment-thumbnail size-thumbnail wp-image-274\" alt=\"\" srcset=\"https:\/\/amulesgriots.com\/wp-content\/uploads\/2020\/08\/noun_Project_3291368-500x510.png 500w, https:\/\/amulesgriots.com\/wp-content\/uploads\/2020\/08\/noun_Project_3291368.png 526w\" sizes=\"(max-width: 500px) 100vw, 500px\" \/>\t\t\t\t\t\t\t\t\t\t\t\t\t\t\t<\/div>\n\t\t\t\t<\/div>\n\t\t\t\t<div class=\"elementor-element elementor-element-01a546a elementor-widget elementor-widget-text-editor\" data-id=\"01a546a\" data-element_type=\"widget\" data-e-type=\"widget\" data-widget_type=\"text-editor.default\">\n\t\t\t\t<div class=\"elementor-widget-container\">\n\t\t\t\t\t\t\t\t\t<p>Cr\u00e9ation et gestion de projets culturels.<\/p>\n<p>AMU peut aider \u00e0 imaginer, cr\u00e9er et \u00e0 r\u00e9aliser des projets culturels et des arts du spectacle, gr\u00e2ce \u00e0 l&rsquo;expertise de notre pr\u00e9sidente, Ombretta Moschella, qui poss\u00e8de une grande exp\u00e9rience dans la r\u00e9daction et la gestion de projets internationaux dans ce domaine.<\/p>\n<p>Des formations professionnelles sp\u00e9cifiques dans le domaine de la gestion de projets culturels peuvent \u00eatre organis\u00e9es sur <a href=\"http:\/\/amulesgriots.com\/fr\/coordonnees\/\" target=\"_blank\" rel=\"noopener\">demande.<\/a><\/p>\n\t\t\t\t\t\t\t\t<\/div>\n\t\t\t\t<\/div>\n\t\t\t\t\t<\/div>\n\t\t<\/div>\n\t\t\t\t<div class=\"elementor-column elementor-col-25 elementor-top-column elementor-element elementor-element-1666608\" data-id=\"1666608\" data-element_type=\"column\" data-e-type=\"column\">\n\t\t\t<div class=\"elementor-widget-wrap elementor-element-populated\">\n\t\t\t\t\t\t<div class=\"elementor-element elementor-element-d6b5b18 elementor-widget elementor-widget-image\" data-id=\"d6b5b18\" data-element_type=\"widget\" data-e-type=\"widget\" data-widget_type=\"image.default\">\n\t\t\t\t<div class=\"elementor-widget-container\">\n\t\t\t\t\t\t\t\t\t\t\t\t\t\t\t<img decoding=\"async\" width=\"800\" height=\"800\" src=\"https:\/\/amulesgriots.com\/wp-content\/uploads\/2020\/07\/noun_Goblet-drum_2121268.png\" class=\"attachment-large size-large wp-image-80\" alt=\"\" srcset=\"https:\/\/amulesgriots.com\/wp-content\/uploads\/2020\/07\/noun_Goblet-drum_2121268.png 800w, https:\/\/amulesgriots.com\/wp-content\/uploads\/2020\/07\/noun_Goblet-drum_2121268-500x500.png 500w, https:\/\/amulesgriots.com\/wp-content\/uploads\/2020\/07\/noun_Goblet-drum_2121268-768x768.png 768w\" sizes=\"(max-width: 800px) 100vw, 800px\" \/>\t\t\t\t\t\t\t\t\t\t\t\t\t\t\t<\/div>\n\t\t\t\t<\/div>\n\t\t\t\t<div class=\"elementor-element elementor-element-93bfe3e elementor-widget elementor-widget-text-editor\" data-id=\"93bfe3e\" data-element_type=\"widget\" data-e-type=\"widget\" data-widget_type=\"text-editor.default\">\n\t\t\t\t<div class=\"elementor-widget-container\">\n\t\t\t\t\t\t\t\t\t<p><a href=\"https:\/\/www.youtube.com\/watch?v=oyuLeaD4VuA\" target=\"_blank\" rel=\"noopener\">Fanfare Africaine<\/a>: groupe de percussions africaines avec un r\u00e9pertoire de plusieurs rythmes africains.<\/p>\n\t\t\t\t\t\t\t\t<\/div>\n\t\t\t\t<\/div>\n\t\t\t\t\t<\/div>\n\t\t<\/div>\n\t\t\t\t<div class=\"elementor-column elementor-col-25 elementor-top-column elementor-element elementor-element-d122837\" data-id=\"d122837\" data-element_type=\"column\" data-e-type=\"column\">\n\t\t\t<div class=\"elementor-widget-wrap elementor-element-populated\">\n\t\t\t\t\t\t<div class=\"elementor-element elementor-element-9c89f56 elementor-widget elementor-widget-image\" data-id=\"9c89f56\" data-element_type=\"widget\" data-e-type=\"widget\" data-widget_type=\"image.default\">\n\t\t\t\t<div class=\"elementor-widget-container\">\n\t\t\t\t\t\t\t\t\t\t\t\t\t\t\t<img loading=\"lazy\" decoding=\"async\" width=\"564\" height=\"432\" src=\"https:\/\/amulesgriots.com\/wp-content\/uploads\/2020\/08\/noun_Travel_3469158.png\" class=\"attachment-large size-large wp-image-276\" alt=\"\" srcset=\"https:\/\/amulesgriots.com\/wp-content\/uploads\/2020\/08\/noun_Travel_3469158.png 564w, https:\/\/amulesgriots.com\/wp-content\/uploads\/2020\/08\/noun_Travel_3469158-500x383.png 500w\" sizes=\"(max-width: 564px) 100vw, 564px\" \/>\t\t\t\t\t\t\t\t\t\t\t\t\t\t\t<\/div>\n\t\t\t\t<\/div>\n\t\t\t\t<div class=\"elementor-element elementor-element-51dec7a elementor-widget elementor-widget-text-editor\" data-id=\"51dec7a\" data-element_type=\"widget\" data-e-type=\"widget\" data-widget_type=\"text-editor.default\">\n\t\t\t\t<div class=\"elementor-widget-container\">\n\t\t\t\t\t\t\t\t\t<p>Tourisme durable: voyages culturels en Afrique de l\u2019Ouest.<\/p>\n<p>Amu organise des ateliers de danse et de musique dans son centre <a href=\"https:\/\/www.youtube.com\/watch?v=QBwaQFrDA_o&amp;t=24s\" target=\"_blank\" rel=\"noopener\">culturel bas\u00e9 \u00e0 Bobo Dioulasso<\/a>, au Burkina Faso, et \u00e0 Bourolo, le v<a href=\"https:\/\/www.youtube.com\/watch?v=WswbPyqOlfg&amp;t=3s\" target=\"_blank\" rel=\"noopener\">illage d&rsquo;origine de Zourati\u00e9<\/a>, avec des musiciens et danseurs autochtones. Venez vivre avec nous l&rsquo;authenticit\u00e9 de la culture mandingue!<\/p>\n<p>&nbsp;<\/p>\n\t\t\t\t\t\t\t\t<\/div>\n\t\t\t\t<\/div>\n\t\t\t\t\t<\/div>\n\t\t<\/div>\n\t\t\t\t\t<\/div>\n\t\t<\/section>\n\t\t\t\t<section class=\"elementor-section elementor-top-section elementor-element elementor-element-14bf980 elementor-section-full_width elementor-section-height-default elementor-section-height-default\" data-id=\"14bf980\" data-element_type=\"section\" data-e-type=\"section\" data-settings=\"{&quot;background_background&quot;:&quot;classic&quot;}\">\n\t\t\t\t\t\t<div class=\"elementor-container elementor-column-gap-default\">\n\t\t\t\t\t<div class=\"elementor-column elementor-col-25 elementor-top-column elementor-element elementor-element-9ad23c7\" data-id=\"9ad23c7\" data-element_type=\"column\" data-e-type=\"column\">\n\t\t\t<div class=\"elementor-widget-wrap elementor-element-populated\">\n\t\t\t\t\t\t<div class=\"elementor-element elementor-element-a5f2ed2 elementor-widget elementor-widget-image\" data-id=\"a5f2ed2\" data-element_type=\"widget\" data-e-type=\"widget\" data-widget_type=\"image.default\">\n\t\t\t\t<div class=\"elementor-widget-container\">\n\t\t\t\t\t\t\t\t\t\t\t\t\t\t\t<img loading=\"lazy\" decoding=\"async\" width=\"800\" height=\"800\" src=\"https:\/\/amulesgriots.com\/wp-content\/uploads\/2020\/07\/noun_Marabenta_485203.png\" class=\"attachment-large size-large wp-image-82\" alt=\"\" srcset=\"https:\/\/amulesgriots.com\/wp-content\/uploads\/2020\/07\/noun_Marabenta_485203.png 800w, https:\/\/amulesgriots.com\/wp-content\/uploads\/2020\/07\/noun_Marabenta_485203-500x500.png 500w, https:\/\/amulesgriots.com\/wp-content\/uploads\/2020\/07\/noun_Marabenta_485203-768x768.png 768w\" sizes=\"(max-width: 800px) 100vw, 800px\" \/>\t\t\t\t\t\t\t\t\t\t\t\t\t\t\t<\/div>\n\t\t\t\t<\/div>\n\t\t\t\t<div class=\"elementor-element elementor-element-ab9327e elementor-widget elementor-widget-text-editor\" data-id=\"ab9327e\" data-element_type=\"widget\" data-e-type=\"widget\" data-widget_type=\"text-editor.default\">\n\t\t\t\t<div class=\"elementor-widget-container\">\n\t\t\t\t\t\t\t\t\t<p>Cours d&rsquo;alphab\u00e9tisation en musique et mouvements \u00e0 travers la Tradition culturelle des Griots (rythmes et instruments d&rsquo;Afrique de l&rsquo;Ouest) | en savoir plus sur l&rsquo;<a href=\"http:\/\/amulesgriots.com\/fr\/afro-jazz-mandingue-atelier-permanente-sur-la-musique-de-zouratie-kone\/\" target=\"_blank\" rel=\"noopener\">atelier permanent de Afro Jazz Mandingue<\/a> focalis\u00e9 sur la musique de Zourati\u00e9 Kon\u00e9. Il est en outre possible de r\u00e9server des cours individuels par <a href=\"http:\/\/amulesgriots.com\/fr\/coordonnees\/\" target=\"_blank\" rel=\"noopener\">e-mail<\/a>.<\/p>\n\t\t\t\t\t\t\t\t<\/div>\n\t\t\t\t<\/div>\n\t\t\t\t\t<\/div>\n\t\t<\/div>\n\t\t\t\t<div class=\"elementor-column elementor-col-25 elementor-top-column elementor-element elementor-element-e96df78\" data-id=\"e96df78\" data-element_type=\"column\" data-e-type=\"column\">\n\t\t\t<div class=\"elementor-widget-wrap elementor-element-populated\">\n\t\t\t\t\t\t<div class=\"elementor-element elementor-element-70cff24 elementor-widget elementor-widget-image\" data-id=\"70cff24\" data-element_type=\"widget\" data-e-type=\"widget\" data-widget_type=\"image.default\">\n\t\t\t\t<div class=\"elementor-widget-container\">\n\t\t\t\t\t\t\t\t\t\t\t\t\t\t\t<img loading=\"lazy\" decoding=\"async\" width=\"800\" height=\"800\" src=\"https:\/\/amulesgriots.com\/wp-content\/uploads\/2020\/07\/noun_Dancing_2209137.png\" class=\"attachment-large size-large wp-image-78\" alt=\"\" srcset=\"https:\/\/amulesgriots.com\/wp-content\/uploads\/2020\/07\/noun_Dancing_2209137.png 800w, https:\/\/amulesgriots.com\/wp-content\/uploads\/2020\/07\/noun_Dancing_2209137-500x500.png 500w, https:\/\/amulesgriots.com\/wp-content\/uploads\/2020\/07\/noun_Dancing_2209137-768x768.png 768w\" sizes=\"(max-width: 800px) 100vw, 800px\" \/>\t\t\t\t\t\t\t\t\t\t\t\t\t\t\t<\/div>\n\t\t\t\t<\/div>\n\t\t\t\t<div class=\"elementor-element elementor-element-29d79a8 elementor-widget elementor-widget-text-editor\" data-id=\"29d79a8\" data-element_type=\"widget\" data-e-type=\"widget\" data-widget_type=\"text-editor.default\">\n\t\t\t\t<div class=\"elementor-widget-container\">\n\t\t\t\t\t\t\t\t\t<p>Familiarisation des enfants avec les diff\u00e9rents sons d&rsquo;instruments ouest-africains et d\u00e9veloppement de l&rsquo;oreille musicale | <a href=\"http:\/\/amulesgriots.com\/fr\/amu-les-griots-ouvre-son-espace-creatif-l-atelier-of-rhythms-a-chausse-de-bondael-581\/\" target=\"_blank\" rel=\"noopener\">en savoir plus<\/a><\/p>\n\t\t\t\t\t\t\t\t<\/div>\n\t\t\t\t<\/div>\n\t\t\t\t\t<\/div>\n\t\t<\/div>\n\t\t\t\t<div class=\"elementor-column elementor-col-25 elementor-top-column elementor-element elementor-element-98ffe3d\" data-id=\"98ffe3d\" data-element_type=\"column\" data-e-type=\"column\">\n\t\t\t<div class=\"elementor-widget-wrap elementor-element-populated\">\n\t\t\t\t\t\t<div class=\"elementor-element elementor-element-52929a8 elementor-widget elementor-widget-image\" data-id=\"52929a8\" data-element_type=\"widget\" data-e-type=\"widget\" data-widget_type=\"image.default\">\n\t\t\t\t<div class=\"elementor-widget-container\">\n\t\t\t\t\t\t\t\t\t\t\t\t\t\t\t<img loading=\"lazy\" decoding=\"async\" width=\"564\" height=\"564\" src=\"https:\/\/amulesgriots.com\/wp-content\/uploads\/2020\/08\/noun_Music_2376540.png\" class=\"attachment-large size-large wp-image-272\" alt=\"\" srcset=\"https:\/\/amulesgriots.com\/wp-content\/uploads\/2020\/08\/noun_Music_2376540.png 564w, https:\/\/amulesgriots.com\/wp-content\/uploads\/2020\/08\/noun_Music_2376540-500x500.png 500w\" sizes=\"(max-width: 564px) 100vw, 564px\" \/>\t\t\t\t\t\t\t\t\t\t\t\t\t\t\t<\/div>\n\t\t\t\t<\/div>\n\t\t\t\t<div class=\"elementor-element elementor-element-3bf3bd7 elementor-widget elementor-widget-text-editor\" data-id=\"3bf3bd7\" data-element_type=\"widget\" data-e-type=\"widget\" data-widget_type=\"text-editor.default\">\n\t\t\t\t<div class=\"elementor-widget-container\">\n\t\t\t\t\t\t\t\t\t<p>Atelier d&rsquo;\u00e9t\u00e9 sur les rythmes et instruments africains et sur la musique Afro Jazz Mandingue, organis\u00e9 en collaboration avec l&rsquo;Acad\u00e9mie Royale Internationale d&rsquo;\u00c9t\u00e9 de Wallonie | <a href=\"http:\/\/amulesgriots.com\/fr\/zouratie-kone-animera-deux-ateliers-en-collaboration-avec-la-royale-academie-internationale-dete-de-wallonie\/\" target=\"_blank\" rel=\"noopener\">en savoir plus<\/a><\/p>\n\t\t\t\t\t\t\t\t<\/div>\n\t\t\t\t<\/div>\n\t\t\t\t\t<\/div>\n\t\t<\/div>\n\t\t\t\t<div class=\"elementor-column elementor-col-25 elementor-top-column elementor-element elementor-element-f50af1e\" data-id=\"f50af1e\" data-element_type=\"column\" data-e-type=\"column\">\n\t\t\t<div class=\"elementor-widget-wrap elementor-element-populated\">\n\t\t\t\t\t\t<div class=\"elementor-element elementor-element-fc48604 elementor-widget elementor-widget-image\" data-id=\"fc48604\" data-element_type=\"widget\" data-e-type=\"widget\" data-widget_type=\"image.default\">\n\t\t\t\t<div class=\"elementor-widget-container\">\n\t\t\t\t\t\t\t\t\t\t\t\t\t\t\t<img loading=\"lazy\" decoding=\"async\" width=\"800\" height=\"800\" src=\"https:\/\/amulesgriots.com\/wp-content\/uploads\/2020\/07\/noun_Adungu_182131.png\" class=\"attachment-large size-large wp-image-74\" alt=\"\" srcset=\"https:\/\/amulesgriots.com\/wp-content\/uploads\/2020\/07\/noun_Adungu_182131.png 800w, https:\/\/amulesgriots.com\/wp-content\/uploads\/2020\/07\/noun_Adungu_182131-500x500.png 500w, https:\/\/amulesgriots.com\/wp-content\/uploads\/2020\/07\/noun_Adungu_182131-768x768.png 768w\" sizes=\"(max-width: 800px) 100vw, 800px\" \/>\t\t\t\t\t\t\t\t\t\t\t\t\t\t\t<\/div>\n\t\t\t\t<\/div>\n\t\t\t\t<div class=\"elementor-element elementor-element-59e3281 elementor-widget elementor-widget-text-editor\" data-id=\"59e3281\" data-element_type=\"widget\" data-e-type=\"widget\" data-widget_type=\"text-editor.default\">\n\t\t\t\t<div class=\"elementor-widget-container\">\n\t\t\t\t\t\t\t\t\t<p><a href=\"https:\/\/www.youtube.com\/watch?v=0TeL4ffhXAg\" target=\"_blank\" rel=\"noopener\">Construction d&rsquo;instruments traditionnels<\/a> d&rsquo;Afrique de l&rsquo;Ouest | demandez plus d&rsquo;informations <a href=\"http:\/\/amulesgriots.com\/fr\/coordonnees\/\" target=\"_blank\" rel=\"noopener\">ici<\/a>.<\/p>\n\t\t\t\t\t\t\t\t<\/div>\n\t\t\t\t<\/div>\n\t\t\t\t\t<\/div>\n\t\t<\/div>\n\t\t\t\t\t<\/div>\n\t\t<\/section>\n\t\t\t\t<section class=\"elementor-section elementor-top-section elementor-element elementor-element-13f4082 elementor-section-full_width elementor-section-height-default elementor-section-height-default\" data-id=\"13f4082\" data-element_type=\"section\" data-e-type=\"section\">\n\t\t\t\t\t\t<div class=\"elementor-container elementor-column-gap-default\">\n\t\t\t\t\t<div class=\"elementor-column elementor-col-50 elementor-top-column elementor-element elementor-element-61bf048\" data-id=\"61bf048\" data-element_type=\"column\" data-e-type=\"column\" data-settings=\"{&quot;background_background&quot;:&quot;classic&quot;}\">\n\t\t\t<div class=\"elementor-widget-wrap elementor-element-populated\">\n\t\t\t\t\t\t<div class=\"elementor-element elementor-element-39b81a0 elementor-widget elementor-widget-image\" data-id=\"39b81a0\" data-element_type=\"widget\" data-e-type=\"widget\" data-widget_type=\"image.default\">\n\t\t\t\t<div class=\"elementor-widget-container\">\n\t\t\t\t\t\t\t\t\t\t\t\t\t\t\t<img loading=\"lazy\" decoding=\"async\" width=\"1200\" height=\"1500\" src=\"https:\/\/amulesgriots.com\/wp-content\/uploads\/2020\/08\/About-us-001.jpg\" class=\"attachment-large size-large wp-image-283\" alt=\"\" srcset=\"https:\/\/amulesgriots.com\/wp-content\/uploads\/2020\/08\/About-us-001.jpg 1216w, https:\/\/amulesgriots.com\/wp-content\/uploads\/2020\/08\/About-us-001-1000x1250.jpg 1000w, https:\/\/amulesgriots.com\/wp-content\/uploads\/2020\/08\/About-us-001-500x625.jpg 500w, https:\/\/amulesgriots.com\/wp-content\/uploads\/2020\/08\/About-us-001-768x960.jpg 768w\" sizes=\"(max-width: 1200px) 100vw, 1200px\" \/>\t\t\t\t\t\t\t\t\t\t\t\t\t\t\t<\/div>\n\t\t\t\t<\/div>\n\t\t\t\t<div class=\"elementor-element elementor-element-8931fd9 elementor-widget elementor-widget-text-editor\" data-id=\"8931fd9\" data-element_type=\"widget\" data-e-type=\"widget\" data-widget_type=\"text-editor.default\">\n\t\t\t\t<div class=\"elementor-widget-container\">\n\t\t\t\t\t\t\t\t\t<p>Photo de <a href=\"https:\/\/www.facebook.com\/CAMERA-21-174880194864\/\" target=\"_blank\" rel=\"noopener\">Simona Filippini<\/a><\/p>\n\t\t\t\t\t\t\t\t<\/div>\n\t\t\t\t<\/div>\n\t\t\t\t\t<\/div>\n\t\t<\/div>\n\t\t\t\t<div class=\"elementor-column elementor-col-50 elementor-top-column elementor-element elementor-element-b884a18\" data-id=\"b884a18\" data-element_type=\"column\" data-e-type=\"column\" data-settings=\"{&quot;background_background&quot;:&quot;classic&quot;}\">\n\t\t\t<div class=\"elementor-widget-wrap elementor-element-populated\">\n\t\t\t\t\t\t<div class=\"elementor-element elementor-element-a98438b elementor-widget elementor-widget-heading\" data-id=\"a98438b\" data-element_type=\"widget\" data-e-type=\"widget\" data-widget_type=\"heading.default\">\n\t\t\t\t<div class=\"elementor-widget-container\">\n\t\t\t\t\t<h2 class=\"elementor-heading-title elementor-size-default\">Zourati\u00e9 Kon\u00e9<\/h2>\t\t\t\t<\/div>\n\t\t\t\t<\/div>\n\t\t\t\t<div class=\"elementor-element elementor-element-4d9ff95 elementor-widget elementor-widget-text-editor\" data-id=\"4d9ff95\" data-element_type=\"widget\" data-e-type=\"widget\" data-widget_type=\"text-editor.default\">\n\t\t\t\t<div class=\"elementor-widget-container\">\n\t\t\t\t\t\t\t\t\t<p>Zourati\u00e9 Kon\u00e9, co-directeur artistique, avec Ombretta Moschella, de Amu.<\/p>\n<p>Chanteur, musicien et fabriquant d\u2019instruments de musique, il est n\u00e9 \u00e0 Bobo Dioulasso, Burkina Faso et a grandi principalement au Mali et en C\u00f4te d\u2019Ivoire.<\/p>\n<p>Ma\u00eetre percussionniste issu d\u2019une famille de Griots (artistes-gu\u00e9risseurs traditionnels), il s\u2019est appropri\u00e9 de multiples instruments de tradition ouest-africaine (djemb\u00e9, dundun, tama (talking drum), longa, kora, ngoni, balafon).<\/p>\n<p>De tradition orale, ce musicien hors pair conna\u00eet des centaines de rythmes diff\u00e9rents du Burkina Faso, du S\u00e9n\u00e9gal, de C\u00f4te d\u2019Ivoire, du Niger, du Mali, de Guin\u00e9e, etc. ainsi que de nombreux chants.<\/p>\n<p>Musicien renomm\u00e9, en 2019, il d\u00e9marre un projet musical qui allie musique \u00e9lectronique et musique Mandingue, le Diurukuma beat, avec le musicien et producteur italien Pietro Nicosia.<\/p>\n<p>En 2017 il a cr\u00e9\u00e9 son propre groupe musical ZKE\u00a0! Zourati\u00e9 Kon\u00e9 Ensemble, un septet de Afro Jazz Mandingue, dont font partie des Jazz men belges renomm\u00e9s.<\/p>\n<p>Depuis 2013 il est professeur \u00e0 l\u2019acad\u00e9mie d\u2019\u00e9t\u00e9 AKDT avec 2 stages sur les \u00ab\u00a0Rythmes et instruments d&rsquo;Afrique de l&rsquo;Ouest\u00a0\u00bb, et l\u2019atelier \u00ab\u00a0Afro Jazz Mandingue\u00a0\u00bb sur la musique du groupe Zourati\u00e9 Kon\u00e9 Ensemble<\/p>\n<p>Depuis 2013, il fait partie du groupe musical Afrikan Protokol, un sextet afro-jazz bas\u00e9 en Belgique et il joue r\u00e9guli\u00e8rement avec la chanteuse sud-africaine Tutu Pouane, avec S\u00e9bastien Haciane, avec Stefano Cinti et a jou\u00e9 avec des musiciens \u00e0 la renomm\u00e9e internationale, tels que <em>S<\/em>elif Keita, Baaba Mal, Cheick Tidiane Seck, Tiken Jah Fakoly et Oumou Sangar\u00e9. Au Burkina il joue avec son groupe musical Alakagne qu\u2019il a cr\u00e9\u00e9 en 2010.<\/p>\n\t\t\t\t\t\t\t\t<\/div>\n\t\t\t\t<\/div>\n\t\t\t\t<div class=\"elementor-element elementor-element-c3c560a elementor-widget-divider--view-line elementor-widget elementor-widget-divider\" data-id=\"c3c560a\" data-element_type=\"widget\" data-e-type=\"widget\" data-widget_type=\"divider.default\">\n\t\t\t\t<div class=\"elementor-widget-container\">\n\t\t\t\t\t\t\t<div class=\"elementor-divider\">\n\t\t\t<span class=\"elementor-divider-separator\">\n\t\t\t\t\t\t<\/span>\n\t\t<\/div>\n\t\t\t\t\t\t<\/div>\n\t\t\t\t<\/div>\n\t\t\t\t<div class=\"elementor-element elementor-element-7417082 elementor-widget elementor-widget-heading\" data-id=\"7417082\" data-element_type=\"widget\" data-e-type=\"widget\" data-widget_type=\"heading.default\">\n\t\t\t\t<div class=\"elementor-widget-container\">\n\t\t\t\t\t<h2 class=\"elementor-heading-title elementor-size-default\">Ombretta Moschella<\/h2>\t\t\t\t<\/div>\n\t\t\t\t<\/div>\n\t\t\t\t<div class=\"elementor-element elementor-element-8295a4e elementor-widget elementor-widget-text-editor\" data-id=\"8295a4e\" data-element_type=\"widget\" data-e-type=\"widget\" data-widget_type=\"text-editor.default\">\n\t\t\t\t<div class=\"elementor-widget-container\">\n\t\t\t\t\t\t\t\t\t<p>Ombretta Moschella, pr\u00e9sidente et co-directrice artistique, avec Zourati\u00e9 Kon\u00e9, de Amu, est n\u00e9e \u00e0 Rome, Italie, et licenci\u00e9e en Disciplines des Arts et Spectacle, est experte dans la cr\u00e9ation et la gestion des projets culturels internationaux.<\/p>\n<p>Danseuse professionnelle au d\u00e9but de sa carri\u00e8re et depuis toujours tr\u00e8s sensible aux dynamiques de la cr\u00e9ation artistique, \u00e0 partir du 1997 et jusqu\u2019\u00e0 pr\u00e9sent, elle contribue \u00e0 dessiner plusieurs projets culturels internationaux dans plusieurs productions culturelles bas\u00e9es en Italie.<\/p>\n<p>Op\u00e9ratrice culturelle avec une expertise reconnue dans la dynamique de la coh\u00e9sion sociale et de l&rsquo;interculturalit\u00e9, de 2005 \u00e0 2009 elle a cr\u00e9\u00e9 et g\u00e9r\u00e9 \u00ab\u00a0Agave\u00a0\u00bb un bookbar interculturel.<\/p>\n<p>En 2011 elle a mis son approche cr\u00e9ative au service du Parlement Europ\u00e9en et vit \u00e0 Bruxelles.<\/p>\n\t\t\t\t\t\t\t\t<\/div>\n\t\t\t\t<\/div>\n\t\t\t\t\t<\/div>\n\t\t<\/div>\n\t\t\t\t\t<\/div>\n\t\t<\/section>\n\t\t\t\t<\/div>\n\t\t","protected":false},"excerpt":{"rendered":"<p>Nos activit\u00e9s Qui nous sommes Amu Les Griots est une organisation \u00e0 but non lucratif\u00a0bas\u00e9e en Belgique, avec un centre culturel associ\u00e9 \u00e0 Bobo Dioulasso, au Burkina Faso, dont le but est\u00a0la promotion des Arts [&hellip;]<\/p>\n","protected":false},"author":1,"featured_media":0,"parent":0,"menu_order":0,"comment_status":"closed","ping_status":"closed","template":"elementor_header_footer","meta":{"site-sidebar-layout":"no-sidebar","site-content-layout":"page-builder","ast-site-content-layout":"default","site-content-style":"default","site-sidebar-style":"default","ast-global-header-display":"","ast-banner-title-visibility":"","ast-main-header-display":"","ast-hfb-above-header-display":"","ast-hfb-below-header-display":"","ast-hfb-mobile-header-display":"","site-post-title":"disabled","ast-breadcrumbs-content":"","ast-featured-img":"disabled","footer-sml-layout":"","ast-disable-related-posts":"","theme-transparent-header-meta":"default","adv-header-id-meta":"","stick-header-meta":"default","header-above-stick-meta":"","header-main-stick-meta":"","header-below-stick-meta":"","astra-migrate-meta-layouts":"default","ast-page-background-enabled":"default","ast-page-background-meta":{"desktop":{"background-color":"","background-image":"","background-repeat":"repeat","background-position":"center center","background-size":"auto","background-attachment":"scroll","background-type":"","background-media":"","overlay-type":"","overlay-color":"","overlay-opacity":"","overlay-gradient":""},"tablet":{"background-color":"","background-image":"","background-repeat":"repeat","background-position":"center center","background-size":"auto","background-attachment":"scroll","background-type":"","background-media":"","overlay-type":"","overlay-color":"","overlay-opacity":"","overlay-gradient":""},"mobile":{"background-color":"","background-image":"","background-repeat":"repeat","background-position":"center center","background-size":"auto","background-attachment":"scroll","background-type":"","background-media":"","overlay-type":"","overlay-color":"","overlay-opacity":"","overlay-gradient":""}},"ast-content-background-meta":{"desktop":{"background-color":"var(--ast-global-color-5)","background-image":"","background-repeat":"repeat","background-position":"center center","background-size":"auto","background-attachment":"scroll","background-type":"","background-media":"","overlay-type":"","overlay-color":"","overlay-opacity":"","overlay-gradient":""},"tablet":{"background-color":"var(--ast-global-color-5)","background-image":"","background-repeat":"repeat","background-position":"center center","background-size":"auto","background-attachment":"scroll","background-type":"","background-media":"","overlay-type":"","overlay-color":"","overlay-opacity":"","overlay-gradient":""},"mobile":{"background-color":"var(--ast-global-color-5)","background-image":"","background-repeat":"repeat","background-position":"center center","background-size":"auto","background-attachment":"scroll","background-type":"","background-media":"","overlay-type":"","overlay-color":"","overlay-opacity":"","overlay-gradient":""}},"footnotes":""},"class_list":["post-326","page","type-page","status-publish","hentry"],"jetpack_sharing_enabled":true,"_links":{"self":[{"href":"https:\/\/amulesgriots.com\/fr\/wp-json\/wp\/v2\/pages\/326","targetHints":{"allow":["GET"]}}],"collection":[{"href":"https:\/\/amulesgriots.com\/fr\/wp-json\/wp\/v2\/pages"}],"about":[{"href":"https:\/\/amulesgriots.com\/fr\/wp-json\/wp\/v2\/types\/page"}],"author":[{"embeddable":true,"href":"https:\/\/amulesgriots.com\/fr\/wp-json\/wp\/v2\/users\/1"}],"replies":[{"embeddable":true,"href":"https:\/\/amulesgriots.com\/fr\/wp-json\/wp\/v2\/comments?post=326"}],"version-history":[{"count":16,"href":"https:\/\/amulesgriots.com\/fr\/wp-json\/wp\/v2\/pages\/326\/revisions"}],"predecessor-version":[{"id":595,"href":"https:\/\/amulesgriots.com\/fr\/wp-json\/wp\/v2\/pages\/326\/revisions\/595"}],"wp:attachment":[{"href":"https:\/\/amulesgriots.com\/fr\/wp-json\/wp\/v2\/media?parent=326"}],"curies":[{"name":"wp","href":"https:\/\/api.w.org\/{rel}","templated":true}]}}